{"id":59,"date":"2017-07-13T22:44:18","date_gmt":"2017-07-13T22:44:18","guid":{"rendered":"http:\/\/kunschtkollektiv.com\/?page_id=59"},"modified":"2017-07-25T12:19:44","modified_gmt":"2017-07-25T12:19:44","slug":"artist_06","status":"publish","type":"page","link":"http:\/\/kunschtkollektiv.com\/index.php\/artist_06\/","title":{"rendered":"Eva Kaditz"},"content":{"rendered":"\n\t\t<!-- MasterSlider -->\n\t\t<div id=\"P_MS69eed27e1b632\" class=\"master-slider-parent msl ms-parent-id-9\" style=\"max-width:1000px;\">\n\n\t\t\t\n\t\t\t<!-- MasterSlider Main -->\n\t\t\t<div id=\"MS69eed27e1b632\" class=\"master-slider ms-skin-light-3\" >\n\t\t\t\t \t\t\t\t \n\t\t\t\t<div  class=\"ms-slide\" data-delay=\"3\" data-fill-mode=\"fill\"  >\n\t\t\t\t\t<img data-recalc-dims=\"1\" decoding=\"async\" src=\"https:\/\/i0.wp.com\/kunschtkollektiv.com\/wp-content\/plugins\/master-slider\/public\/assets\/css\/blank.gif?w=660\" alt=\"\" title=\"\" data-src=\"http:\/\/kunschtkollektiv.com\/wp-content\/uploads\/2017\/07\/Eva-Kaditz-1.jpg\" \/>\n\n\n\t<div class=\"ms-thumb\" ><div class=\"ms-tab-context\"><div class=\"&quot;ms-tab-context&quot;\"><\/div><\/div>\n<\/div>\n\t\t\t\t<\/div>\n\t\t\t\t<div  class=\"ms-slide\" data-delay=\"3\" data-fill-mode=\"fill\"  >\n\t\t\t\t\t<img data-recalc-dims=\"1\" decoding=\"async\" src=\"https:\/\/i0.wp.com\/kunschtkollektiv.com\/wp-content\/plugins\/master-slider\/public\/assets\/css\/blank.gif?w=660\" alt=\"\" title=\"\" data-src=\"http:\/\/kunschtkollektiv.com\/wp-content\/uploads\/2017\/07\/Eva-Kaditz-2.jpg\" \/>\n\n\n\t<div class=\"ms-thumb\" ><div class=\"ms-tab-context\"><div class=\"&quot;ms-tab-context&quot;\"><\/div><\/div>\n<\/div>\n\t\t\t\t<\/div>\n\t\t\t\t<div  class=\"ms-slide\" data-delay=\"3\" data-fill-mode=\"fill\"  >\n\t\t\t\t\t<img data-recalc-dims=\"1\" decoding=\"async\" src=\"https:\/\/i0.wp.com\/kunschtkollektiv.com\/wp-content\/plugins\/master-slider\/public\/assets\/css\/blank.gif?w=660\" alt=\"\" title=\"\" data-src=\"http:\/\/kunschtkollektiv.com\/wp-content\/uploads\/2017\/07\/Eva-Kaditz-3.jpg\" \/>\n\n\n\t<div class=\"ms-thumb\" ><div class=\"ms-tab-context\"><div class=\"&quot;ms-tab-context&quot;\"><\/div><\/div>\n<\/div>\n\t\t\t\t<\/div>\n\t\t\t\t<div  class=\"ms-slide\" data-delay=\"3\" data-fill-mode=\"fill\"  >\n\t\t\t\t\t<img data-recalc-dims=\"1\" decoding=\"async\" src=\"https:\/\/i0.wp.com\/kunschtkollektiv.com\/wp-content\/plugins\/master-slider\/public\/assets\/css\/blank.gif?w=660\" alt=\"\" title=\"\" data-src=\"http:\/\/kunschtkollektiv.com\/wp-content\/uploads\/2017\/07\/Eva-Kaditz-4.jpg\" \/>\n\n\n\t<div class=\"ms-thumb\" ><div class=\"ms-tab-context\"><div class=\"&quot;ms-tab-context&quot;\"><\/div><\/div>\n<\/div>\n\t\t\t\t<\/div>\n\t\t\t\t<div  class=\"ms-slide\" data-delay=\"3\" data-fill-mode=\"fill\"  >\n\t\t\t\t\t<img data-recalc-dims=\"1\" decoding=\"async\" src=\"https:\/\/i0.wp.com\/kunschtkollektiv.com\/wp-content\/plugins\/master-slider\/public\/assets\/css\/blank.gif?w=660\" alt=\"\" title=\"\" data-src=\"http:\/\/kunschtkollektiv.com\/wp-content\/uploads\/2017\/07\/Eva-Kaditz-5.jpg\" \/>\n\n\n\t<div class=\"ms-thumb\" ><div class=\"ms-tab-context\"><div class=\"&quot;ms-tab-context&quot;\"><\/div><\/div>\n<\/div>\n\t\t\t\t<\/div>\n\t\t\t\t<div  class=\"ms-slide\" data-delay=\"3\" data-fill-mode=\"fill\"  >\n\t\t\t\t\t<img data-recalc-dims=\"1\" decoding=\"async\" src=\"https:\/\/i0.wp.com\/kunschtkollektiv.com\/wp-content\/plugins\/master-slider\/public\/assets\/css\/blank.gif?w=660\" alt=\"\" title=\"\" data-src=\"http:\/\/kunschtkollektiv.com\/wp-content\/uploads\/2017\/07\/Eva-Kaditz-6.jpg\" \/>\n\n\n\t<div class=\"ms-thumb\" ><div class=\"ms-tab-context\"><div class=\"&quot;ms-tab-context&quot;\"><\/div><\/div>\n<\/div>\n\t\t\t\t<\/div>\n\n\t\t\t<\/div>\n\t\t\t<!-- END MasterSlider Main -->\n\n\t\t\t \n\t\t<\/div>\n\t\t<!-- END MasterSlider -->\n\n\t\t<script>\n\t\t(function ( $ ) {\n\t\t\t\"use strict\";\n\n\t\t\t$(function () {\n\t\t\t\tvar masterslider_b632 = new MasterSlider();\n\n\t\t\t\t\/\/ slider controls\n\t\t\t\tmasterslider_b632.control('arrows'     ,{ autohide:true, overVideo:true  });\n\t\t\t\t\/\/ slider setup\n\t\t\t\tmasterslider_b632.setup(\"MS69eed27e1b632\", {\n\t\t\t\t\t\twidth           : 900,\n\t\t\t\t\t\theight          : 600,\n\t\t\t\t\t\tminHeight       : 0,\n\t\t\t\t\t\tspace           : 0,\n\t\t\t\t\t\tstart           : 1,\n\t\t\t\t\t\tgrabCursor      : true,\n\t\t\t\t\t\tswipe           : true,\n\t\t\t\t\t\tmouse           : true,\n\t\t\t\t\t\tlayout          : \"boxed\",\n\t\t\t\t\t\twheel           : true,\n\t\t\t\t\t\tautoplay        : true,\n\t\t\t\t\t\tinstantStartLayers:false,\n\t\t\t\t\t\tloop            : true,\n\t\t\t\t\t\tshuffle         : false,\n\t\t\t\t\t\tpreload         : 3,\n\t\t\t\t\t\theightLimit     : true,\n\t\t\t\t\t\tautoHeight      : false,\n\t\t\t\t\t\tsmoothHeight    : true,\n\t\t\t\t\t\tendPause        : false,\n\t\t\t\t\t\toverPause       : true,\n\t\t\t\t\t\tfillMode        : \"fill\",\n\t\t\t\t\t\tcenterControls  : true,\n\t\t\t\t\t\tstartOnAppear   : false,\n\t\t\t\t\t\tlayersMode      : \"center\",\n\t\t\t\t\t\thideLayers      : false,\n\t\t\t\t\t\tfullscreenMargin: 0,\n\t\t\t\t\t\tspeed           : 20,\n\t\t\t\t\t\tdir             : \"h\",\n\t\t\t\t\t\tparallaxMode    : 'swipe',\n\t\t\t\t\t\tview            : \"basic\"\n\t\t\t\t});\n\n\t\t\t\t\n\t\t\t\twindow.masterslider_instances = window.masterslider_instances || [];\n\t\t\t\twindow.masterslider_instances.push( masterslider_b632 );\n\t\t\t });\n\n\t\t})(jQuery);\n\t\t<\/script>\n\n\n<h5>THIS SOCKS!, 2016<\/h5>\n<p>Das \u03b1 und \u03c9 der Mode im Fokus des k\u00fcnstlerischen Blicks: Zwischen Hauptdarsteller und Accessoire vermag die gemeine Socke, lat. impile vulgaris, in ihrer vielf\u00e4ltigen Farb- und Formensprache mehr zu enth\u00fcllen, als ihre Tr\u00e4ger erahnen. Zwischen schwarzen, grauen und frotteewei\u00dfen Standardexemplaren tummeln sich aufw\u00e4ndig gestaltete Exoten, die einerseits die t\u00e4glich &#8222;shiftende&#8220; Identit\u00e4t des Tr\u00e4gers offenlegen und andererseits die Ausw\u00fcchse der Modeindustrie im untersten Preissegment erkennbar werden lassen: Design als Eintagsfliege, als heimliches Statement individueller Fantasien oder als gesamtgesellschaftliches Postulat einer Welt voller Schauspieler, die ihre sch\u00f6nsten Kost\u00fcme zwischen Schuh und Hose tragen.<\/p>\n<p>Eva Kaditz untersucht in der aktuellen Arbeit neben den gro\u00dfen Themen Form, Farbe und Ausdruckskraft auch die gesellschaftsformende Kraft der Mode an Hand zweier Sockencluster aus Ost- und Westdeutschland, die mehr als 25 Jahre nach der Wiedervereinigung einem k\u00fcnstlerischen Vergleich unterzogen werden.<\/p>\n","protected":false},"excerpt":{"rendered":"<p>THIS SOCKS!, 2016 Das \u03b1 und \u03c9 der Mode im Fokus des k\u00fcnstlerischen Blicks: Zwischen Hauptdarsteller und Accessoire vermag die gemeine Socke, lat. impile vulgaris, in ihrer vielf\u00e4ltigen Farb- und Formensprache mehr zu enth\u00fcllen, als ihre Tr\u00e4ger erahnen. Zwischen schwarzen, grauen und frotteewei\u00dfen Standardexemplaren tummeln sich aufw\u00e4ndig gestaltete Exoten, die einerseits die t\u00e4glich &#8222;shiftende&#8220; Identit\u00e4t &hellip; <a href=\"http:\/\/kunschtkollektiv.com\/index.php\/artist_06\/\" class=\"more-link\"><span class=\"screen-reader-text\">Eva Kaditz<\/span> weiterlesen<\/a><\/p>\n","protected":false},"author":2,"featured_media":0,"parent":0,"menu_order":0,"comment_status":"closed","ping_status":"closed","template":"","meta":{"footnotes":""},"yoast_head":"<!-- This site is optimized with the Yoast SEO plugin v24.5 - https:\/\/yoast.com\/wordpress\/plugins\/seo\/ -->\n<title>Eva Kaditz | kunschtkollektiv<\/title>\n<meta name=\"robots\" content=\"index, follow, max-snippet:-1, max-image-preview:large, max-video-preview:-1\" \/>\n<link rel=\"canonical\" href=\"http:\/\/kunschtkollektiv.com\/index.php\/artist_06\/\" \/>\n<meta property=\"og:locale\" content=\"de_DE\" \/>\n<meta property=\"og:type\" content=\"article\" \/>\n<meta property=\"og:title\" content=\"Eva Kaditz | kunschtkollektiv\" \/>\n<meta property=\"og:description\" content=\"THIS SOCKS!, 2016 Das \u03b1 und \u03c9 der Mode im Fokus des k\u00fcnstlerischen Blicks: Zwischen Hauptdarsteller und Accessoire vermag die gemeine Socke, lat. impile vulgaris, in ihrer vielf\u00e4ltigen Farb- und Formensprache mehr zu enth\u00fcllen, als ihre Tr\u00e4ger erahnen. Zwischen schwarzen, grauen und frotteewei\u00dfen Standardexemplaren tummeln sich aufw\u00e4ndig gestaltete Exoten, die einerseits die t\u00e4glich &#8222;shiftende&#8220; Identit\u00e4t &hellip; Eva Kaditz weiterlesen\" \/>\n<meta property=\"og:url\" content=\"http:\/\/kunschtkollektiv.com\/index.php\/artist_06\/\" \/>\n<meta property=\"og:site_name\" content=\"kunschtkollektiv\" \/>\n<meta property=\"article:modified_time\" content=\"2017-07-25T12:19:44+00:00\" \/>\n<meta name=\"twitter:card\" content=\"summary_large_image\" \/>\n<meta name=\"twitter:label1\" content=\"Gesch\u00e4tzte Lesezeit\" \/>\n\t<meta name=\"twitter:data1\" content=\"1\u00a0Minute\" \/>\n<script type=\"application\/ld+json\" class=\"yoast-schema-graph\">{\"@context\":\"https:\/\/schema.org\",\"@graph\":[{\"@type\":\"WebPage\",\"@id\":\"http:\/\/kunschtkollektiv.com\/index.php\/artist_06\/\",\"url\":\"http:\/\/kunschtkollektiv.com\/index.php\/artist_06\/\",\"name\":\"Eva Kaditz | kunschtkollektiv\",\"isPartOf\":{\"@id\":\"https:\/\/kunschtkollektiv.com\/#website\"},\"datePublished\":\"2017-07-13T22:44:18+00:00\",\"dateModified\":\"2017-07-25T12:19:44+00:00\",\"breadcrumb\":{\"@id\":\"http:\/\/kunschtkollektiv.com\/index.php\/artist_06\/#breadcrumb\"},\"inLanguage\":\"de\",\"potentialAction\":[{\"@type\":\"ReadAction\",\"target\":[\"http:\/\/kunschtkollektiv.com\/index.php\/artist_06\/\"]}]},{\"@type\":\"BreadcrumbList\",\"@id\":\"http:\/\/kunschtkollektiv.com\/index.php\/artist_06\/#breadcrumb\",\"itemListElement\":[{\"@type\":\"ListItem\",\"position\":1,\"name\":\"Startseite\",\"item\":\"https:\/\/kunschtkollektiv.com\/\"},{\"@type\":\"ListItem\",\"position\":2,\"name\":\"Eva Kaditz\"}]},{\"@type\":\"WebSite\",\"@id\":\"https:\/\/kunschtkollektiv.com\/#website\",\"url\":\"https:\/\/kunschtkollektiv.com\/\",\"name\":\"kunschtkollektiv\",\"description\":\"\",\"potentialAction\":[{\"@type\":\"SearchAction\",\"target\":{\"@type\":\"EntryPoint\",\"urlTemplate\":\"https:\/\/kunschtkollektiv.com\/?s={search_term_string}\"},\"query-input\":{\"@type\":\"PropertyValueSpecification\",\"valueRequired\":true,\"valueName\":\"search_term_string\"}}],\"inLanguage\":\"de\"}]}<\/script>\n<!-- \/ Yoast SEO plugin. -->","yoast_head_json":{"title":"Eva Kaditz | kunschtkollektiv","robots":{"index":"index","follow":"follow","max-snippet":"max-snippet:-1","max-image-preview":"max-image-preview:large","max-video-preview":"max-video-preview:-1"},"canonical":"http:\/\/kunschtkollektiv.com\/index.php\/artist_06\/","og_locale":"de_DE","og_type":"article","og_title":"Eva Kaditz | kunschtkollektiv","og_description":"THIS SOCKS!, 2016 Das \u03b1 und \u03c9 der Mode im Fokus des k\u00fcnstlerischen Blicks: Zwischen Hauptdarsteller und Accessoire vermag die gemeine Socke, lat. impile vulgaris, in ihrer vielf\u00e4ltigen Farb- und Formensprache mehr zu enth\u00fcllen, als ihre Tr\u00e4ger erahnen. Zwischen schwarzen, grauen und frotteewei\u00dfen Standardexemplaren tummeln sich aufw\u00e4ndig gestaltete Exoten, die einerseits die t\u00e4glich &#8222;shiftende&#8220; Identit\u00e4t &hellip; Eva Kaditz weiterlesen","og_url":"http:\/\/kunschtkollektiv.com\/index.php\/artist_06\/","og_site_name":"kunschtkollektiv","article_modified_time":"2017-07-25T12:19:44+00:00","twitter_card":"summary_large_image","twitter_misc":{"Gesch\u00e4tzte Lesezeit":"1\u00a0Minute"},"schema":{"@context":"https:\/\/schema.org","@graph":[{"@type":"WebPage","@id":"http:\/\/kunschtkollektiv.com\/index.php\/artist_06\/","url":"http:\/\/kunschtkollektiv.com\/index.php\/artist_06\/","name":"Eva Kaditz | kunschtkollektiv","isPartOf":{"@id":"https:\/\/kunschtkollektiv.com\/#website"},"datePublished":"2017-07-13T22:44:18+00:00","dateModified":"2017-07-25T12:19:44+00:00","breadcrumb":{"@id":"http:\/\/kunschtkollektiv.com\/index.php\/artist_06\/#breadcrumb"},"inLanguage":"de","potentialAction":[{"@type":"ReadAction","target":["http:\/\/kunschtkollektiv.com\/index.php\/artist_06\/"]}]},{"@type":"BreadcrumbList","@id":"http:\/\/kunschtkollektiv.com\/index.php\/artist_06\/#breadcrumb","itemListElement":[{"@type":"ListItem","position":1,"name":"Startseite","item":"https:\/\/kunschtkollektiv.com\/"},{"@type":"ListItem","position":2,"name":"Eva Kaditz"}]},{"@type":"WebSite","@id":"https:\/\/kunschtkollektiv.com\/#website","url":"https:\/\/kunschtkollektiv.com\/","name":"kunschtkollektiv","description":"","potentialAction":[{"@type":"SearchAction","target":{"@type":"EntryPoint","urlTemplate":"https:\/\/kunschtkollektiv.com\/?s={search_term_string}"},"query-input":{"@type":"PropertyValueSpecification","valueRequired":true,"valueName":"search_term_string"}}],"inLanguage":"de"}]}},"jetpack_sharing_enabled":true,"jetpack_shortlink":"https:\/\/wp.me\/P8Y5HL-X","_links":{"self":[{"href":"http:\/\/kunschtkollektiv.com\/index.php\/wp-json\/wp\/v2\/pages\/59"}],"collection":[{"href":"http:\/\/kunschtkollektiv.com\/index.php\/wp-json\/wp\/v2\/pages"}],"about":[{"href":"http:\/\/kunschtkollektiv.com\/index.php\/wp-json\/wp\/v2\/types\/page"}],"author":[{"embeddable":true,"href":"http:\/\/kunschtkollektiv.com\/index.php\/wp-json\/wp\/v2\/users\/2"}],"replies":[{"embeddable":true,"href":"http:\/\/kunschtkollektiv.com\/index.php\/wp-json\/wp\/v2\/comments?post=59"}],"version-history":[{"count":4,"href":"http:\/\/kunschtkollektiv.com\/index.php\/wp-json\/wp\/v2\/pages\/59\/revisions"}],"predecessor-version":[{"id":306,"href":"http:\/\/kunschtkollektiv.com\/index.php\/wp-json\/wp\/v2\/pages\/59\/revisions\/306"}],"wp:attachment":[{"href":"http:\/\/kunschtkollektiv.com\/index.php\/wp-json\/wp\/v2\/media?parent=59"}],"curies":[{"name":"wp","href":"https:\/\/api.w.org\/{rel}","templated":true}]}}